{"id":301,"date":"2023-07-31T11:28:33","date_gmt":"2023-07-31T09:28:33","guid":{"rendered":"https:\/\/claralesa.com\/clara-lesa\/"},"modified":"2023-08-16T08:08:39","modified_gmt":"2023-08-16T06:08:39","slug":"clara-lesa","status":"publish","type":"page","link":"https:\/\/claralesa.com\/ca\/","title":{"rendered":"Clara Lesa"},"content":{"rendered":"\t\t<div data-elementor-type=\"wp-post\" data-elementor-id=\"301\" class=\"elementor elementor-301 elementor-6\" data-elementor-post-type=\"page\">\n\t\t\t\t\t\t<section class=\"elementor-section elementor-top-section elementor-element elementor-element-e557d6d elementor-section-full_width elementor-section-height-default elementor-section-height-default\" data-id=\"e557d6d\" data-element_type=\"section\">\n\t\t\t\t\t\t<div class=\"elementor-container elementor-column-gap-default\">\n\t\t\t\t\t<div class=\"elementor-column elementor-col-100 elementor-top-column elementor-element elementor-element-d51ce79\" data-id=\"d51ce79\" data-element_type=\"column\">\n\t\t\t<div class=\"elementor-widget-wrap elementor-element-populated\">\n\t\t\t\t\t\t<div class=\"elementor-element elementor-element-3b8e472 elementor-widget elementor-widget-slider_revolution\" data-id=\"3b8e472\" data-element_type=\"widget\" data-widget_type=\"slider_revolution.default\">\n\t\t\t\t<div class=\"elementor-widget-container\">\n\t\t\t\r\n\t\t<div class=\"wp-block-themepunch-revslider\">\n\t\t\t<!-- START Slider home REVOLUTION SLIDER 6.6.10 --><p class=\"rs-p-wp-fix\"><\/p>\n\t\t\t<rs-module-wrap id=\"rev_slider_1_1_wrapper\" data-source=\"gallery\" style=\"visibility:hidden;background:transparent;padding:0;margin:0px auto;margin-top:0;margin-bottom:0;\">\n\t\t\t\t<rs-module id=\"rev_slider_1_1\" style=\"\" data-version=\"6.6.10\">\n\t\t\t\t\t<rs-slides style=\"overflow: hidden; position: absolute;\">\n\t\t\t\t\t\t<rs-slide style=\"position: absolute;\" data-key=\"rs-2\" data-title=\"Slide\" data-in=\"o:0;\" data-out=\"a:false;\">\n\t\t\t\t\t\t\t<img decoding=\"async\" src=\"\/\/claralesa.com\/wp-content\/plugins\/revslider\/public\/assets\/assets\/dummy.png\" alt=\"Slide\" title=\"Clara Lesa\" class=\"rev-slidebg tp-rs-img rs-lazyload\" data-lazyload=\"\/\/claralesa.com\/wp-content\/plugins\/revslider\/public\/assets\/assets\/transparent.png\" data-no-retina>\n<!--\n\t\t\t\t\t\t\t--><rs-layer\n\t\t\t\t\t\t\t\tid=\"slider-1-slide-2-layer-0\" \n\t\t\t\t\t\t\t\tdata-type=\"image\"\n\t\t\t\t\t\t\t\tdata-rsp_ch=\"on\"\n\t\t\t\t\t\t\t\tdata-xy=\"x:c;y:m;\"\n\t\t\t\t\t\t\t\tdata-text=\"w:normal;s:20,20,20,4;l:0,0,0,6;\"\n\t\t\t\t\t\t\t\tdata-dim=\"w:['100%','100%','100%','100%'];h:['100%','100%','100%','100%'];\"\n\t\t\t\t\t\t\t\tdata-frame_999=\"o:0;st:w;\"\n\t\t\t\t\t\t\t\tstyle=\"z-index:5;\"\n\t\t\t\t\t\t\t><img fetchpriority=\"high\" decoding=\"async\" src=\"\/\/claralesa.com\/wp-content\/plugins\/revslider\/public\/assets\/assets\/dummy.png\" alt=\"\" class=\"tp-rs-img rs-lazyload\" width=\"1900\" height=\"1267\" data-lazyload=\"\/\/claralesa.com\/wp-content\/uploads\/2023\/07\/slide_home.jpg\" data-c=\"cover-proportional\" data-no-retina> \n\t\t\t\t\t\t\t<\/rs-layer><!--\n\n\t\t\t\t\t\t\t--><rs-layer\n\t\t\t\t\t\t\t\tid=\"slider-1-slide-2-layer-1\" \n\t\t\t\t\t\t\t\tdata-type=\"text\"\n\t\t\t\t\t\t\t\tdata-color=\"#000000\"\n\t\t\t\t\t\t\t\tdata-rsp_ch=\"on\"\n\t\t\t\t\t\t\t\tdata-xy=\"xo:50px,50px,50px,15px;y:b;yo:50px,50px,50px,30px;\"\n\t\t\t\t\t\t\t\tdata-text=\"w:normal;s:50,50,50,30;l:65,65,65,40;\"\n\t\t\t\t\t\t\t\tdata-dim=\"w:576px,576px,576px,342px;\"\n\t\t\t\t\t\t\t\tdata-frame_999=\"o:0;st:w;\"\n\t\t\t\t\t\t\t\tstyle=\"z-index:6;font-family:'Roboto';\"\n\t\t\t\t\t\t\t>Equipaments escolars personalitzats \n\t\t\t\t\t\t\t<\/rs-layer><!--\n-->\t\t\t\t\t\t<\/rs-slide>\n\t\t\t\t\t<\/rs-slides>\n\t\t\t\t<\/rs-module>\n\t\t\t\t<script>\n\t\t\t\t\tsetREVStartSize({c: 'rev_slider_1_1',rl:[1240,1240,1240,480],el:[700,700,700,600],gw:[1920,1920,1920,480],gh:[700,700,700,600],type:'standard',justify:'',layout:'fullwidth',mh:\"0\"});if (window.RS_MODULES!==undefined && window.RS_MODULES.modules!==undefined && window.RS_MODULES.modules[\"revslider11\"]!==undefined) {window.RS_MODULES.modules[\"revslider11\"].once = false;window.revapi1 = undefined;if (window.RS_MODULES.checkMinimal!==undefined) window.RS_MODULES.checkMinimal()}\n\t\t\t\t<\/script>\n\t\t\t<\/rs-module-wrap>\n\t\t\t<!-- END REVOLUTION SLIDER -->\n<\/div>\r\n\r\n\t\t\t\t<\/div>\n\t\t\t\t<\/div>\n\t\t\t\t\t<\/div>\n\t\t<\/div>\n\t\t\t\t\t<\/div>\n\t\t<\/section>\n\t\t\t\t<section class=\"elementor-section elementor-top-section elementor-element elementor-element-7ca653a elementor-section-full_width elementor-section-height-min-height elementor-section-items-stretch elementor-section-content-middle elementor-section-height-default\" data-id=\"7ca653a\" data-element_type=\"section\">\n\t\t\t\t\t\t\t<div class=\"elementor-background-overlay\"><\/div>\n\t\t\t\t\t\t\t<div class=\"elementor-container elementor-column-gap-default\">\n\t\t\t\t\t<div class=\"elementor-column elementor-col-50 elementor-top-column elementor-element elementor-element-bf4c9fa\" data-id=\"bf4c9fa\" data-element_type=\"column\" data-settings=\"{&quot;background_background&quot;:&quot;classic&quot;}\">\n\t\t\t<div class=\"elementor-widget-wrap elementor-element-populated\">\n\t\t\t\t\t\t<div class=\"elementor-element elementor-element-4080851 elementor-widget elementor-widget-spacer\" data-id=\"4080851\" data-element_type=\"widget\" data-widget_type=\"spacer.default\">\n\t\t\t\t<div class=\"elementor-widget-container\">\n\t\t\t\t\t<div class=\"elementor-spacer\">\n\t\t\t<div class=\"elementor-spacer-inner\"><\/div>\n\t\t<\/div>\n\t\t\t\t<\/div>\n\t\t\t\t<\/div>\n\t\t\t\t\t<\/div>\n\t\t<\/div>\n\t\t\t\t<div class=\"elementor-column elementor-col-50 elementor-top-column elementor-element elementor-element-d7e53a9\" data-id=\"d7e53a9\" data-element_type=\"column\" data-settings=\"{&quot;background_background&quot;:&quot;classic&quot;}\">\n\t\t\t<div class=\"elementor-widget-wrap elementor-element-populated\">\n\t\t\t\t\t\t<div class=\"elementor-element elementor-element-692d221 elementor-widget elementor-widget-heading\" data-id=\"692d221\" data-element_type=\"widget\" data-widget_type=\"heading.default\">\n\t\t\t\t<div class=\"elementor-widget-container\">\n\t\t\t<h3 class=\"elementor-heading-title elementor-size-default\">Confian\u00e7a i satisfacci\u00f3<\/h3>\t\t<\/div>\n\t\t\t\t<\/div>\n\t\t\t\t<div class=\"elementor-element elementor-element-fe1dcd4 elementor-widget elementor-widget-text-editor\" data-id=\"fe1dcd4\" data-element_type=\"widget\" data-widget_type=\"text-editor.default\">\n\t\t\t\t<div class=\"elementor-widget-container\">\n\t\t\t\t\t\t\t<p>Clara Lesa: M\u00e9s de 60 anys d\u00b4experi\u00e8ncia en confecci\u00f3 escolar personalitzada. L\u00edders en qualitat i disseny exclusiu. <\/p>\n\t\t\t\t\t\t<\/div>\n\t\t\t\t<\/div>\n\t\t\t\t<div class=\"elementor-element elementor-element-d61ce16 elementor-widget elementor-widget-text-editor\" data-id=\"d61ce16\" data-element_type=\"widget\" data-widget_type=\"text-editor.default\">\n\t\t\t\t<div class=\"elementor-widget-container\">\n\t\t\t\t\t\t\t<p>Fabriquem equipaments escolars com: bates, xandalls, samarretes i m\u00e9s. Atenci\u00f3 al client personalitzat. Comprom\u00eds amb pr\u00e0ctiques sostenibles. Peces duradores i c\u00f2modes. Solucions per a centres educatius.<\/p>\n\t\t\t\t\t\t<\/div>\n\t\t\t\t<\/div>\n\t\t\t\t<div class=\"elementor-element elementor-element-f7761fb elementor-align-center elementor-widget elementor-widget-button\" data-id=\"f7761fb\" data-element_type=\"widget\" data-widget_type=\"button.default\">\n\t\t\t\t<div class=\"elementor-widget-container\">\n\t\t\t\t\t\t\t<div class=\"elementor-button-wrapper\">\n\t\t\t\t\t<a class=\"elementor-button elementor-button-link elementor-size-md\" href=\"https:\/\/claralesa.com\/ca\/empresa\/\">\n\t\t\t\t\t\t<span class=\"elementor-button-content-wrapper\">\n\t\t\t\t\t\t\t\t\t<span class=\"elementor-button-text\">Saber m\u00e9s<\/span>\n\t\t\t\t\t<\/span>\n\t\t\t\t\t<\/a>\n\t\t\t\t<\/div>\n\t\t\t\t\t\t<\/div>\n\t\t\t\t<\/div>\n\t\t\t\t\t<\/div>\n\t\t<\/div>\n\t\t\t\t\t<\/div>\n\t\t<\/section>\n\t\t\t\t<section class=\"elementor-section elementor-top-section elementor-element elementor-element-0ad2d88 elementor-section-boxed elementor-section-height-default elementor-section-height-default\" data-id=\"0ad2d88\" data-element_type=\"section\">\n\t\t\t\t\t\t<div class=\"elementor-container elementor-column-gap-default\">\n\t\t\t\t\t<div class=\"elementor-column elementor-col-100 elementor-top-column elementor-element elementor-element-0b475ae\" data-id=\"0b475ae\" data-element_type=\"column\">\n\t\t\t<div class=\"elementor-widget-wrap elementor-element-populated\">\n\t\t\t\t\t\t<div class=\"elementor-element elementor-element-a22a5fb elementor-widget elementor-widget-heading\" data-id=\"a22a5fb\" data-element_type=\"widget\" data-widget_type=\"heading.default\">\n\t\t\t\t<div class=\"elementor-widget-container\">\n\t\t\t<h2 class=\"elementor-heading-title elementor-size-default\">Fabricants d'equipament escolar personalitzat<\/h2>\t\t<\/div>\n\t\t\t\t<\/div>\n\t\t\t\t<div class=\"elementor-element elementor-element-38aff74 elementor-widget elementor-widget-text-editor\" data-id=\"38aff74\" data-element_type=\"widget\" data-widget_type=\"text-editor.default\">\n\t\t\t\t<div class=\"elementor-widget-container\">\n\t\t\t\t\t\t\t<p>El nostre equip de dissenyadors treballa estretament amb les institucions educatives per plasmar les seves idees i requeriments <\/p>\n\t\t\t\t\t\t<\/div>\n\t\t\t\t<\/div>\n\t\t\t\t\t<\/div>\n\t\t<\/div>\n\t\t\t\t\t<\/div>\n\t\t<\/section>\n\t\t\t\t<section class=\"elementor-section elementor-top-section elementor-element elementor-element-aaa7050 elementor-section-full_width elementor-section-height-min-height elementor-section-items-stretch elementor-section-content-middle elementor-section-height-default\" data-id=\"aaa7050\" data-element_type=\"section\">\n\t\t\t\t\t\t\t<div class=\"elementor-background-overlay\"><\/div>\n\t\t\t\t\t\t\t<div class=\"elementor-container elementor-column-gap-default\">\n\t\t\t\t\t<div class=\"elementor-column elementor-col-50 elementor-top-column elementor-element elementor-element-4f8b15f\" data-id=\"4f8b15f\" data-element_type=\"column\" data-settings=\"{&quot;background_background&quot;:&quot;classic&quot;}\">\n\t\t\t<div class=\"elementor-widget-wrap elementor-element-populated\">\n\t\t\t\t\t\t<div class=\"elementor-element elementor-element-220de0e elementor-widget elementor-widget-heading\" data-id=\"220de0e\" data-element_type=\"widget\" data-widget_type=\"heading.default\">\n\t\t\t\t<div class=\"elementor-widget-container\">\n\t\t\t<h3 class=\"elementor-heading-title elementor-size-default\">Qualitat i experi\u00e8ncia<\/h3>\t\t<\/div>\n\t\t\t\t<\/div>\n\t\t\t\t<div class=\"elementor-element elementor-element-6d740e4 elementor-widget elementor-widget-text-editor\" data-id=\"6d740e4\" data-element_type=\"widget\" data-widget_type=\"text-editor.default\">\n\t\t\t\t<div class=\"elementor-widget-container\">\n\t\t\t\t\t\t\t<p>La nostra extensa gamma de productes personalitzats inclou bates escolars elegants i funcionals, xandalls c\u00f2modes i moderns, samarretes amb dissenys creatius i molt m\u00e9s. <\/p>\n\t\t\t\t\t\t<\/div>\n\t\t\t\t<\/div>\n\t\t\t\t<div class=\"elementor-element elementor-element-6703b47 elementor-widget elementor-widget-text-editor\" data-id=\"6703b47\" data-element_type=\"widget\" data-widget_type=\"text-editor.default\">\n\t\t\t\t<div class=\"elementor-widget-container\">\n\t\t\t\t\t\t\t<p>Cada pe\u00e7a \u00e9s confeccionada amb materials de primera qualitat, cuidant cada detall per garantir durabilitat i confort durant tota la jornada escolar.<\/p>\n\t\t\t\t\t\t<\/div>\n\t\t\t\t<\/div>\n\t\t\t\t<div class=\"elementor-element elementor-element-968daa2 elementor-align-center elementor-widget elementor-widget-button\" data-id=\"968daa2\" data-element_type=\"widget\" data-widget_type=\"button.default\">\n\t\t\t\t<div class=\"elementor-widget-container\">\n\t\t\t\t\t\t\t<div class=\"elementor-button-wrapper\">\n\t\t\t\t\t<a class=\"elementor-button elementor-button-link elementor-size-md\" href=\"https:\/\/claralesa.com\/ca\/productes\/\">\n\t\t\t\t\t\t<span class=\"elementor-button-content-wrapper\">\n\t\t\t\t\t\t\t\t\t<span class=\"elementor-button-text\">Veure productes<\/span>\n\t\t\t\t\t<\/span>\n\t\t\t\t\t<\/a>\n\t\t\t\t<\/div>\n\t\t\t\t\t\t<\/div>\n\t\t\t\t<\/div>\n\t\t\t\t\t<\/div>\n\t\t<\/div>\n\t\t\t\t<div class=\"elementor-column elementor-col-50 elementor-top-column elementor-element elementor-element-1b98c99\" data-id=\"1b98c99\" data-element_type=\"column\" data-settings=\"{&quot;background_background&quot;:&quot;classic&quot;}\">\n\t\t\t<div class=\"elementor-widget-wrap elementor-element-populated\">\n\t\t\t\t\t\t<div class=\"elementor-element elementor-element-ee0e750 elementor-widget elementor-widget-spacer\" data-id=\"ee0e750\" data-element_type=\"widget\" data-widget_type=\"spacer.default\">\n\t\t\t\t<div class=\"elementor-widget-container\">\n\t\t\t\t\t<div class=\"elementor-spacer\">\n\t\t\t<div class=\"elementor-spacer-inner\"><\/div>\n\t\t<\/div>\n\t\t\t\t<\/div>\n\t\t\t\t<\/div>\n\t\t\t\t\t<\/div>\n\t\t<\/div>\n\t\t\t\t\t<\/div>\n\t\t<\/section>\n\t\t\t\t<\/div>\n\t\t","protected":false},"excerpt":{"rendered":"<p>Confian\u00e7a i satisfacci\u00f3 Clara Lesa: M\u00e9s de 60 anys d\u00b4experi\u00e8ncia en confecci\u00f3 escolar personalitzada. L\u00edders en qualitat i disseny exclusiu. Fabriquem equipaments escolars com: bates, xandalls, samarretes i m\u00e9s. Atenci\u00f3 al client personalitzat. Comprom\u00eds amb pr\u00e0ctiques sostenibles. Peces duradores i c\u00f2modes. Solucions per a centres educatius. Saber m\u00e9s Fabricants d&#8217;equipament escolar personalitzat El nostre equip [&hellip;]<\/p>\n","protected":false},"author":1,"featured_media":0,"parent":0,"menu_order":0,"comment_status":"closed","ping_status":"closed","template":"","meta":{"footnotes":""},"class_list":["post-301","page","type-page","status-publish","hentry"],"yoast_head":"<!-- This site is optimized with the Yoast SEO plugin v23.7 - https:\/\/yoast.com\/wordpress\/plugins\/seo\/ -->\n<title>Clara Lesa - Clara Lesa<\/title>\n<meta name=\"robots\" content=\"index, follow, max-snippet:-1, max-image-preview:large, max-video-preview:-1\" \/>\n<link rel=\"canonical\" href=\"https:\/\/claralesa.com\/ca\/\" \/>\n<meta property=\"og:locale\" content=\"ca_ES\" \/>\n<meta property=\"og:type\" content=\"article\" \/>\n<meta property=\"og:title\" content=\"Clara Lesa - Clara Lesa\" \/>\n<meta property=\"og:description\" content=\"Confian\u00e7a i satisfacci\u00f3 Clara Lesa: M\u00e9s de 60 anys d\u00b4experi\u00e8ncia en confecci\u00f3 escolar personalitzada. L\u00edders en qualitat i disseny exclusiu. Fabriquem equipaments escolars com: bates, xandalls, samarretes i m\u00e9s. Atenci\u00f3 al client personalitzat. Comprom\u00eds amb pr\u00e0ctiques sostenibles. Peces duradores i c\u00f2modes. Solucions per a centres educatius. Saber m\u00e9s Fabricants d&#8217;equipament escolar personalitzat El nostre equip [&hellip;]\" \/>\n<meta property=\"og:url\" content=\"https:\/\/claralesa.com\/ca\/\" \/>\n<meta property=\"og:site_name\" content=\"Clara Lesa\" \/>\n<meta property=\"article:modified_time\" content=\"2023-08-16T06:08:39+00:00\" \/>\n<meta name=\"twitter:card\" content=\"summary_large_image\" \/>\n<meta name=\"twitter:label1\" content=\"Temps estimat de lectura\" \/>\n\t<meta name=\"twitter:data1\" content=\"1 minut\" \/>\n<script type=\"application\/ld+json\" class=\"yoast-schema-graph\">{\"@context\":\"https:\/\/schema.org\",\"@graph\":[{\"@type\":\"WebPage\",\"@id\":\"https:\/\/claralesa.com\/ca\/\",\"url\":\"https:\/\/claralesa.com\/ca\/\",\"name\":\"Clara Lesa - Clara Lesa\",\"isPartOf\":{\"@id\":\"https:\/\/claralesa.com\/ca\/#website\"},\"datePublished\":\"2023-07-31T09:28:33+00:00\",\"dateModified\":\"2023-08-16T06:08:39+00:00\",\"breadcrumb\":{\"@id\":\"https:\/\/claralesa.com\/ca\/#breadcrumb\"},\"inLanguage\":\"ca\",\"potentialAction\":[{\"@type\":\"ReadAction\",\"target\":[\"https:\/\/claralesa.com\/ca\/\"]}]},{\"@type\":\"BreadcrumbList\",\"@id\":\"https:\/\/claralesa.com\/ca\/#breadcrumb\",\"itemListElement\":[{\"@type\":\"ListItem\",\"position\":1,\"name\":\"Portada\",\"item\":\"https:\/\/claralesa.com\/ca\/\"},{\"@type\":\"ListItem\",\"position\":2,\"name\":\"Clara Lesa\"}]},{\"@type\":\"WebSite\",\"@id\":\"https:\/\/claralesa.com\/ca\/#website\",\"url\":\"https:\/\/claralesa.com\/ca\/\",\"name\":\"Clara Lesa\",\"description\":\"\",\"publisher\":{\"@id\":\"https:\/\/claralesa.com\/ca\/#organization\"},\"potentialAction\":[{\"@type\":\"SearchAction\",\"target\":{\"@type\":\"EntryPoint\",\"urlTemplate\":\"https:\/\/claralesa.com\/ca\/?s={search_term_string}\"},\"query-input\":{\"@type\":\"PropertyValueSpecification\",\"valueRequired\":true,\"valueName\":\"search_term_string\"}}],\"inLanguage\":\"ca\"},{\"@type\":\"Organization\",\"@id\":\"https:\/\/claralesa.com\/ca\/#organization\",\"name\":\"Clara Lesa\",\"url\":\"https:\/\/claralesa.com\/ca\/\",\"logo\":{\"@type\":\"ImageObject\",\"inLanguage\":\"ca\",\"@id\":\"https:\/\/claralesa.com\/ca\/#\/schema\/logo\/image\/\",\"url\":\"https:\/\/claralesa.com\/wp-content\/uploads\/2023\/07\/logo.png\",\"contentUrl\":\"https:\/\/claralesa.com\/wp-content\/uploads\/2023\/07\/logo.png\",\"width\":309,\"height\":200,\"caption\":\"Clara Lesa\"},\"image\":{\"@id\":\"https:\/\/claralesa.com\/ca\/#\/schema\/logo\/image\/\"}}]}<\/script>\n<!-- \/ Yoast SEO plugin. -->","yoast_head_json":{"title":"Clara Lesa - Clara Lesa","robots":{"index":"index","follow":"follow","max-snippet":"max-snippet:-1","max-image-preview":"max-image-preview:large","max-video-preview":"max-video-preview:-1"},"canonical":"https:\/\/claralesa.com\/ca\/","og_locale":"ca_ES","og_type":"article","og_title":"Clara Lesa - Clara Lesa","og_description":"Confian\u00e7a i satisfacci\u00f3 Clara Lesa: M\u00e9s de 60 anys d\u00b4experi\u00e8ncia en confecci\u00f3 escolar personalitzada. L\u00edders en qualitat i disseny exclusiu. Fabriquem equipaments escolars com: bates, xandalls, samarretes i m\u00e9s. Atenci\u00f3 al client personalitzat. Comprom\u00eds amb pr\u00e0ctiques sostenibles. Peces duradores i c\u00f2modes. Solucions per a centres educatius. Saber m\u00e9s Fabricants d&#8217;equipament escolar personalitzat El nostre equip [&hellip;]","og_url":"https:\/\/claralesa.com\/ca\/","og_site_name":"Clara Lesa","article_modified_time":"2023-08-16T06:08:39+00:00","twitter_card":"summary_large_image","twitter_misc":{"Temps estimat de lectura":"1 minut"},"schema":{"@context":"https:\/\/schema.org","@graph":[{"@type":"WebPage","@id":"https:\/\/claralesa.com\/ca\/","url":"https:\/\/claralesa.com\/ca\/","name":"Clara Lesa - Clara Lesa","isPartOf":{"@id":"https:\/\/claralesa.com\/ca\/#website"},"datePublished":"2023-07-31T09:28:33+00:00","dateModified":"2023-08-16T06:08:39+00:00","breadcrumb":{"@id":"https:\/\/claralesa.com\/ca\/#breadcrumb"},"inLanguage":"ca","potentialAction":[{"@type":"ReadAction","target":["https:\/\/claralesa.com\/ca\/"]}]},{"@type":"BreadcrumbList","@id":"https:\/\/claralesa.com\/ca\/#breadcrumb","itemListElement":[{"@type":"ListItem","position":1,"name":"Portada","item":"https:\/\/claralesa.com\/ca\/"},{"@type":"ListItem","position":2,"name":"Clara Lesa"}]},{"@type":"WebSite","@id":"https:\/\/claralesa.com\/ca\/#website","url":"https:\/\/claralesa.com\/ca\/","name":"Clara Lesa","description":"","publisher":{"@id":"https:\/\/claralesa.com\/ca\/#organization"},"potentialAction":[{"@type":"SearchAction","target":{"@type":"EntryPoint","urlTemplate":"https:\/\/claralesa.com\/ca\/?s={search_term_string}"},"query-input":{"@type":"PropertyValueSpecification","valueRequired":true,"valueName":"search_term_string"}}],"inLanguage":"ca"},{"@type":"Organization","@id":"https:\/\/claralesa.com\/ca\/#organization","name":"Clara Lesa","url":"https:\/\/claralesa.com\/ca\/","logo":{"@type":"ImageObject","inLanguage":"ca","@id":"https:\/\/claralesa.com\/ca\/#\/schema\/logo\/image\/","url":"https:\/\/claralesa.com\/wp-content\/uploads\/2023\/07\/logo.png","contentUrl":"https:\/\/claralesa.com\/wp-content\/uploads\/2023\/07\/logo.png","width":309,"height":200,"caption":"Clara Lesa"},"image":{"@id":"https:\/\/claralesa.com\/ca\/#\/schema\/logo\/image\/"}}]}},"_links":{"self":[{"href":"https:\/\/claralesa.com\/ca\/wp-json\/wp\/v2\/pages\/301"}],"collection":[{"href":"https:\/\/claralesa.com\/ca\/wp-json\/wp\/v2\/pages"}],"about":[{"href":"https:\/\/claralesa.com\/ca\/wp-json\/wp\/v2\/types\/page"}],"author":[{"embeddable":true,"href":"https:\/\/claralesa.com\/ca\/wp-json\/wp\/v2\/users\/1"}],"replies":[{"embeddable":true,"href":"https:\/\/claralesa.com\/ca\/wp-json\/wp\/v2\/comments?post=301"}],"version-history":[{"count":4,"href":"https:\/\/claralesa.com\/ca\/wp-json\/wp\/v2\/pages\/301\/revisions"}],"predecessor-version":[{"id":518,"href":"https:\/\/claralesa.com\/ca\/wp-json\/wp\/v2\/pages\/301\/revisions\/518"}],"wp:attachment":[{"href":"https:\/\/claralesa.com\/ca\/wp-json\/wp\/v2\/media?parent=301"}],"curies":[{"name":"wp","href":"https:\/\/api.w.org\/{rel}","templated":true}]}}